{"version":"1.0","provider_name":"Yucat\u00e1n en corto","provider_url":"https:\/\/www.yucatanencorto.com\/noticias","author_name":"Redes","author_url":"https:\/\/www.yucatanencorto.com\/noticias\/author\/redes\/","title":"Brindar\u00e1n m\u00e1s apoyos a personas mayores - Yucat\u00e1n en corto","type":"rich","width":600,"height":338,"html":"<blockquote class=\"wp-embedded-content\" data-secret=\"rrpIjKSl9p\"><a href=\"https:\/\/www.yucatanencorto.com\/noticias\/brindaran-mas-apoyos-a-personas-mayores\/\">Brindar\u00e1n m\u00e1s apoyos a personas mayores<\/a><\/blockquote><iframe sandbox=\"allow-scripts\" security=\"restricted\" src=\"https:\/\/www.yucatanencorto.com\/noticias\/brindaran-mas-apoyos-a-personas-mayores\/embed\/#?secret=rrpIjKSl9p\" width=\"600\" height=\"338\" title=\"\u00abBrindar\u00e1n m\u00e1s apoyos a personas mayores\u00bb \u2014 Yucat\u00e1n en corto\" data-secret=\"rrpIjKSl9p\" frameborder=\"0\" marginwidth=\"0\" marginheight=\"0\" scrolling=\"no\" class=\"wp-embedded-content\"><\/iframe><script type=\"text\/javascript\">\n\/* <![CDATA[ *\/\n\/*! This file is auto-generated *\/\n!function(d,l){\"use strict\";l.querySelector&&d.addEventListener&&\"undefined\"!=typeof URL&&(d.wp=d.wp||{},d.wp.receiveEmbedMessage||(d.wp.receiveEmbedMessage=function(e){var t=e.data;if((t||t.secret||t.message||t.value)&&!\/[^a-zA-Z0-9]\/.test(t.secret)){for(var s,r,n,a=l.querySelectorAll('iframe[data-secret=\"'+t.secret+'\"]'),o=l.querySelectorAll('blockquote[data-secret=\"'+t.secret+'\"]'),c=new RegExp(\"^https?:$\",\"i\"),i=0;i<o.length;i++)o[i].style.display=\"none\";for(i=0;i<a.length;i++)s=a[i],e.source===s.contentWindow&&(s.removeAttribute(\"style\"),\"height\"===t.message?(1e3<(r=parseInt(t.value,10))?r=1e3:~~r<200&&(r=200),s.height=r):\"link\"===t.message&&(r=new URL(s.getAttribute(\"src\")),n=new URL(t.value),c.test(n.protocol))&&n.host===r.host&&l.activeElement===s&&(d.top.location.href=t.value))}},d.addEventListener(\"message\",d.wp.receiveEmbedMessage,!1),l.addEventListener(\"DOMContentLoaded\",function(){for(var e,t,s=l.querySelectorAll(\"iframe.wp-embedded-content\"),r=0;r<s.length;r++)(t=(e=s[r]).getAttribute(\"data-secret\"))||(t=Math.random().toString(36).substring(2,12),e.src+=\"#?secret=\"+t,e.setAttribute(\"data-secret\",t)),e.contentWindow.postMessage({message:\"ready\",secret:t},\"*\")},!1)))}(window,document);\n\/\/# sourceURL=https:\/\/www.yucatanencorto.com\/noticias\/wp-includes\/js\/wp-embed.min.js\n\/* ]]> *\/\n<\/script>\n","thumbnail_url":"https:\/\/www.yucatanencorto.com\/noticias\/wp-content\/uploads\/2023\/07\/IMG_2844-scaled.jpeg","thumbnail_width":768,"thumbnail_height":511,"description":"M\u00e9rida, Yucat\u00e1n a 20 de julio de 2023.- Con la decisi\u00f3n de sumar esfuerzos para consolidar a M\u00e9rida como una ciudad amigable con las personas mayores, el Alcalde Ren\u00e1n Barrera reafirm\u00f3 su compromiso de realizar alianzas estrat\u00e9gicas para mejorar la calidad de vida de los sectores m\u00e1s vulnerables de la poblaci\u00f3n. Con este objetivo, el [&hellip;]"}