{"version":"1.0","provider_name":"Yucat\u00e1n en corto","provider_url":"https:\/\/www.yucatanencorto.com\/noticias","author_name":"Yucat\u00e1n en Corto FC","author_url":"https:\/\/www.yucatanencorto.com\/noticias\/author\/flor\/","title":"Buscan combatir al cambio clim\u00e1tico - Yucat\u00e1n en corto","type":"rich","width":600,"height":338,"html":"<blockquote class=\"wp-embedded-content\" data-secret=\"cN3CaIpamA\"><a href=\"https:\/\/www.yucatanencorto.com\/noticias\/buscan-combatir-al-cambio-climatico\/\">Buscan combatir al cambio clim\u00e1tico<\/a><\/blockquote><iframe sandbox=\"allow-scripts\" security=\"restricted\" src=\"https:\/\/www.yucatanencorto.com\/noticias\/buscan-combatir-al-cambio-climatico\/embed\/#?secret=cN3CaIpamA\" width=\"600\" height=\"338\" title=\"\u00abBuscan combatir al cambio clim\u00e1tico\u00bb \u2014 Yucat\u00e1n en corto\" data-secret=\"cN3CaIpamA\" frameborder=\"0\" marginwidth=\"0\" marginheight=\"0\" scrolling=\"no\" class=\"wp-embedded-content\"><\/iframe><script type=\"text\/javascript\">\n\/* <![CDATA[ *\/\n\/*! This file is auto-generated *\/\n!function(d,l){\"use strict\";l.querySelector&&d.addEventListener&&\"undefined\"!=typeof URL&&(d.wp=d.wp||{},d.wp.receiveEmbedMessage||(d.wp.receiveEmbedMessage=function(e){var t=e.data;if((t||t.secret||t.message||t.value)&&!\/[^a-zA-Z0-9]\/.test(t.secret)){for(var s,r,n,a=l.querySelectorAll('iframe[data-secret=\"'+t.secret+'\"]'),o=l.querySelectorAll('blockquote[data-secret=\"'+t.secret+'\"]'),c=new RegExp(\"^https?:$\",\"i\"),i=0;i<o.length;i++)o[i].style.display=\"none\";for(i=0;i<a.length;i++)s=a[i],e.source===s.contentWindow&&(s.removeAttribute(\"style\"),\"height\"===t.message?(1e3<(r=parseInt(t.value,10))?r=1e3:~~r<200&&(r=200),s.height=r):\"link\"===t.message&&(r=new URL(s.getAttribute(\"src\")),n=new URL(t.value),c.test(n.protocol))&&n.host===r.host&&l.activeElement===s&&(d.top.location.href=t.value))}},d.addEventListener(\"message\",d.wp.receiveEmbedMessage,!1),l.addEventListener(\"DOMContentLoaded\",function(){for(var e,t,s=l.querySelectorAll(\"iframe.wp-embedded-content\"),r=0;r<s.length;r++)(t=(e=s[r]).getAttribute(\"data-secret\"))||(t=Math.random().toString(36).substring(2,12),e.src+=\"#?secret=\"+t,e.setAttribute(\"data-secret\",t)),e.contentWindow.postMessage({message:\"ready\",secret:t},\"*\")},!1)))}(window,document);\n\/\/# sourceURL=https:\/\/www.yucatanencorto.com\/noticias\/wp-includes\/js\/wp-embed.min.js\n\/* ]]> *\/\n<\/script>\n","thumbnail_url":"https:\/\/www.yucatanencorto.com\/noticias\/wp-content\/uploads\/2023\/03\/0001-32-scaled.jpg","thumbnail_width":768,"thumbnail_height":512,"description":"Oaxaca de Ju\u00e1rez, Oaxaca, 22 de marzo de 2023.- El Gobernador Mauricio Vila Dosal particip\u00f3 en calidad de vicepresidente de la Conferencia Nacional de Gobernadores (Conago) en la VI Reuni\u00f3n Extraordinaria de este organismo, donde refrend\u00f3 el compromiso de su administraci\u00f3n con seguir sumando esfuerzos para impulsar m\u00e1s proyectos y estrategias que contribuyan con el [&hellip;]"}