{"version":"1.0","provider_name":"Yucat\u00e1n en corto","provider_url":"https:\/\/www.yucatanencorto.com\/noticias","author_name":"Yucat\u00e1n en Corto FC","author_url":"https:\/\/www.yucatanencorto.com\/noticias\/author\/flor\/","title":"Inauguran parque en San Jos\u00e9 Tzal - Yucat\u00e1n en corto","type":"rich","width":600,"height":338,"html":"<blockquote class=\"wp-embedded-content\" data-secret=\"5srME3bwNL\"><a href=\"https:\/\/www.yucatanencorto.com\/noticias\/inauguran-parque-en-san-jose-tzal\/\">Inauguran parque en San Jos\u00e9 Tzal<\/a><\/blockquote><iframe sandbox=\"allow-scripts\" security=\"restricted\" src=\"https:\/\/www.yucatanencorto.com\/noticias\/inauguran-parque-en-san-jose-tzal\/embed\/#?secret=5srME3bwNL\" width=\"600\" height=\"338\" title=\"\u00abInauguran parque en San Jos\u00e9 Tzal\u00bb \u2014 Yucat\u00e1n en corto\" data-secret=\"5srME3bwNL\" frameborder=\"0\" marginwidth=\"0\" marginheight=\"0\" scrolling=\"no\" class=\"wp-embedded-content\"><\/iframe><script type=\"text\/javascript\">\n\/* <![CDATA[ *\/\n\/*! This file is auto-generated *\/\n!function(d,l){\"use strict\";l.querySelector&&d.addEventListener&&\"undefined\"!=typeof URL&&(d.wp=d.wp||{},d.wp.receiveEmbedMessage||(d.wp.receiveEmbedMessage=function(e){var t=e.data;if((t||t.secret||t.message||t.value)&&!\/[^a-zA-Z0-9]\/.test(t.secret)){for(var s,r,n,a=l.querySelectorAll('iframe[data-secret=\"'+t.secret+'\"]'),o=l.querySelectorAll('blockquote[data-secret=\"'+t.secret+'\"]'),c=new RegExp(\"^https?:$\",\"i\"),i=0;i<o.length;i++)o[i].style.display=\"none\";for(i=0;i<a.length;i++)s=a[i],e.source===s.contentWindow&&(s.removeAttribute(\"style\"),\"height\"===t.message?(1e3<(r=parseInt(t.value,10))?r=1e3:~~r<200&&(r=200),s.height=r):\"link\"===t.message&&(r=new URL(s.getAttribute(\"src\")),n=new URL(t.value),c.test(n.protocol))&&n.host===r.host&&l.activeElement===s&&(d.top.location.href=t.value))}},d.addEventListener(\"message\",d.wp.receiveEmbedMessage,!1),l.addEventListener(\"DOMContentLoaded\",function(){for(var e,t,s=l.querySelectorAll(\"iframe.wp-embedded-content\"),r=0;r<s.length;r++)(t=(e=s[r]).getAttribute(\"data-secret\"))||(t=Math.random().toString(36).substring(2,12),e.src+=\"#?secret=\"+t,e.setAttribute(\"data-secret\",t)),e.contentWindow.postMessage({message:\"ready\",secret:t},\"*\")},!1)))}(window,document);\n\/\/# sourceURL=https:\/\/www.yucatanencorto.com\/noticias\/wp-includes\/js\/wp-embed.min.js\n\/* ]]> *\/\n<\/script>\n","thumbnail_url":"https:\/\/www.yucatanencorto.com\/noticias\/wp-content\/uploads\/2023\/03\/AB84EBF8-425B-4743-8D10-3EBF7DF1F095-scaled.jpeg","thumbnail_width":768,"thumbnail_height":512,"description":"M\u00e9rida, Yucat\u00e1n a 23 de marzo de 2023.- Con obras y acciones dirigidas al desarrollo equitativo de la ciudad atendemos las necesidades m\u00e1s apremiantes de la poblaci\u00f3n y mejoramos la calidad de vida de todas y todos los habitantes de las colonias y comisar\u00edas del Municipio, asegur\u00f3 el Alcalde Ren\u00e1n Barrera Concha. Como parte de [&hellip;]"}