{"version":"1.0","provider_name":"Yucat\u00e1n en corto","provider_url":"https:\/\/www.yucatanencorto.com\/noticias","author_name":"Yucat\u00e1n en Corto FC","author_url":"https:\/\/www.yucatanencorto.com\/noticias\/author\/flor\/","title":"Ponen en marcha por Yucat\u00e1n incluyente - Yucat\u00e1n en corto","type":"rich","width":600,"height":338,"html":"<blockquote class=\"wp-embedded-content\" data-secret=\"SYAhExNDFr\"><a href=\"https:\/\/www.yucatanencorto.com\/noticias\/ponen-en-marcha-por-yucatan-incluyente\/\">Ponen en marcha por Yucat\u00e1n incluyente<\/a><\/blockquote><iframe sandbox=\"allow-scripts\" security=\"restricted\" src=\"https:\/\/www.yucatanencorto.com\/noticias\/ponen-en-marcha-por-yucatan-incluyente\/embed\/#?secret=SYAhExNDFr\" width=\"600\" height=\"338\" title=\"\u00abPonen en marcha por Yucat\u00e1n incluyente\u00bb \u2014 Yucat\u00e1n en corto\" data-secret=\"SYAhExNDFr\" frameborder=\"0\" marginwidth=\"0\" marginheight=\"0\" scrolling=\"no\" class=\"wp-embedded-content\"><\/iframe><script type=\"text\/javascript\">\n\/* <![CDATA[ *\/\n\/*! This file is auto-generated *\/\n!function(d,l){\"use strict\";l.querySelector&&d.addEventListener&&\"undefined\"!=typeof URL&&(d.wp=d.wp||{},d.wp.receiveEmbedMessage||(d.wp.receiveEmbedMessage=function(e){var t=e.data;if((t||t.secret||t.message||t.value)&&!\/[^a-zA-Z0-9]\/.test(t.secret)){for(var s,r,n,a=l.querySelectorAll('iframe[data-secret=\"'+t.secret+'\"]'),o=l.querySelectorAll('blockquote[data-secret=\"'+t.secret+'\"]'),c=new RegExp(\"^https?:$\",\"i\"),i=0;i<o.length;i++)o[i].style.display=\"none\";for(i=0;i<a.length;i++)s=a[i],e.source===s.contentWindow&&(s.removeAttribute(\"style\"),\"height\"===t.message?(1e3<(r=parseInt(t.value,10))?r=1e3:~~r<200&&(r=200),s.height=r):\"link\"===t.message&&(r=new URL(s.getAttribute(\"src\")),n=new URL(t.value),c.test(n.protocol))&&n.host===r.host&&l.activeElement===s&&(d.top.location.href=t.value))}},d.addEventListener(\"message\",d.wp.receiveEmbedMessage,!1),l.addEventListener(\"DOMContentLoaded\",function(){for(var e,t,s=l.querySelectorAll(\"iframe.wp-embedded-content\"),r=0;r<s.length;r++)(t=(e=s[r]).getAttribute(\"data-secret\"))||(t=Math.random().toString(36).substring(2,12),e.src+=\"#?secret=\"+t,e.setAttribute(\"data-secret\",t)),e.contentWindow.postMessage({message:\"ready\",secret:t},\"*\")},!1)))}(window,document);\n\/\/# sourceURL=https:\/\/www.yucatanencorto.com\/noticias\/wp-includes\/js\/wp-embed.min.js\n\/* ]]> *\/\n<\/script>\n","thumbnail_url":"https:\/\/www.yucatanencorto.com\/noticias\/wp-content\/uploads\/2022\/05\/IMG-20220507-WA0014-scaled.jpg","thumbnail_width":768,"thumbnail_height":494,"description":"Ticul, Yucat\u00e1n, 7 de mayo de 2022.- Con el firme prop\u00f3sito de promover la cultura de inclusi\u00f3n y generar tanto condiciones de igualdad como oportunidades para la poblaci\u00f3n mayahablante con discapacidad, el Gobierno que encabeza Mauricio Vila Dosal puso en marcha una campa\u00f1a de difusi\u00f3n de derechos. Desde la Biblioteca Municipal de Ticul, la titular [&hellip;]"}